{"id":645,"date":"2016-09-26T14:26:07","date_gmt":"2016-09-26T12:26:07","guid":{"rendered":"http:\/\/www.snepfsu-versailles.net\/wp\/?page_id=645"},"modified":"2016-09-26T14:26:07","modified_gmt":"2016-09-26T12:26:07","slug":"le-snep-planche-au-theatre","status":"publish","type":"page","link":"https:\/\/www.snepfsu-versailles.net\/wp\/vie-syndicale\/le-coin-des-departements\/lessonne\/le-snep-planche-au-theatre\/","title":{"rendered":"Le SNEP planche au th\u00e9\u00e2tre\u00a0!"},"content":{"rendered":"<p style=\"text-align: justify;\">Samedi 17 novembre, le SNEP Essonne avait \u00e9t\u00e9 invit\u00e9 par le Th\u00e9\u00e2tre de Br\u00e9tigny \u00e0 participer \u00e0 une rencontre-d\u00e9bat avec le boxeur Essonnien Malik Bouziane. Le journaliste Eric Coutard qui travaille sur TV-Essonne et intervient \u00e9galement en tant qu\u2019enseignant audiovisuel aux STAPS de Nanterre, \u00e9tait quant \u00e0 lui charg\u00e9 ce soir-l\u00e0 d\u2019arbitrer les \u00e9changes tout en croisant les regards propres \u00e0 chacun sur le th\u00e8me de la Lutte dans son acception la plus large (sociale, culturelle, sportive, syndicale et humaine\u2026).<\/p>\n<p style=\"text-align: justify;\">Cette rencontre interactive a r\u00e9uni une cinquantaine de personnes et a permis d\u2019offrir aux participants dans un cadre inhabituel pour un syndicaliste et un boxeur (\u00a0!), une vision bien diff\u00e9rente des clich\u00e9s qui ne manquent pas habituellement, de stigmatiser les deux invit\u00e9s du soir\u2026<\/p>\n<p style=\"text-align: justify;\">Durant plus d\u2019une heure, en abordant des th\u00e8mes vari\u00e9s, gravitant autour de cette notion commune de \u00ab\u00a0lutte\u00a0\u00bb\u00a0: celui des historiques et des vocabulaires respectifs, celui des id\u00e9aux d\u00e9fendus, \u00e9mergences sociales, m\u00e9diatisations, investissement personnel, appr\u00e9hension des rapports de force ou de fa\u00e7on plus large et philosophique\u00a0: Place du Corps et liens corps-esprit dans les combats men\u00e9s, nous avons pu ensemble, sans uppercuts (\u00a0!) ni K- O faire vivre ce d\u00e9bat en modifiant peut-\u00eatre les repr\u00e9sentations des personnes pr\u00e9sentes. La richesse et l\u2019originalit\u00e9 de nos propos ce soir-l\u00e0 doivent nous encourager \u00e0 poursuivre ce genre d\u2019initiatives qui rappelait la grande manifestation des \u00ab\u00a0Epsiliades 2010\u00a0\u00bb que nous avions organis\u00e9e \u00e0 Paris il y a deux ans.<\/p>\n<p style=\"text-align: justify;\">Nous remercions ici le Th\u00e9\u00e2tre de Br\u00e9tigny pour cette invitation quelque peu novatrice, en lui laissant notre porte ouverte \u00e0 d\u2019autres \u00e9v\u00e8nements de ce style d\u2019autant que le fil conducteur des actions et repr\u00e9sentations de ce th\u00e9\u00e2tre cette ann\u00e9e sera \u00ab\u00a0Dedans dehors, le Corps dans toutes ses dimensions\u00a0\u00bb.<\/p>\n<p style=\"text-align: justify;\">Nous souhaitons \u00e9galement bonne chance \u00e0 Malik pour le 8 d\u00e9cembre 2012, date de l\u2019un des tout derniers grands rendez-vous de sa brillante carri\u00e8re, et invitons tous les coll\u00e8gues \u00e0 venir l\u2019encourager ce jour-l\u00e0 sur le ring de Massy, sa ville natale. Malik raccrochera les gants l\u2019an prochain pour nous rejoindre dans la grande maison de l\u2019enseignement sportif car apr\u00e8s avoir obtenu son professorat de sport, il enseignera la boxe \u00e0 l\u2019INSEP.<\/p>\n<p style=\"text-align: justify;\">Le SNEP Essonne fort de cette nouvelle exp\u00e9rience se lancerait bien sur les planches mais au vu du travail syndical qui l\u2019attend encore (et toujours\u00a0!) cette ann\u00e9e, il pr\u00e9f\u00e8re patienter encore un peu avant de tenter sa chance dans le show-biz\u00a0!<\/p>\n<p style=\"text-align: right;\"><em>Eric, SNEP 91<\/em><\/p>\n","protected":false},"excerpt":{"rendered":"<p>Samedi 17 novembre, le SNEP Essonne avait \u00e9t\u00e9 invit\u00e9 par le Th\u00e9\u00e2tre de Br\u00e9tigny \u00e0 participer \u00e0 une rencontre-d\u00e9bat avec<\/p>\n","protected":false},"author":1,"featured_media":0,"parent":570,"menu_order":0,"comment_status":"closed","ping_status":"closed","template":"","meta":{"colormag_page_layout":"no_sidebar_content_centered","footnotes":""},"class_list":["post-645","page","type-page","status-publish","hentry"],"_links":{"self":[{"href":"https:\/\/www.snepfsu-versailles.net\/wp\/wp-json\/wp\/v2\/pages\/645","targetHints":{"allow":["GET"]}}],"collection":[{"href":"https:\/\/www.snepfsu-versailles.net\/wp\/wp-json\/wp\/v2\/pages"}],"about":[{"href":"https:\/\/www.snepfsu-versailles.net\/wp\/wp-json\/wp\/v2\/types\/page"}],"author":[{"embeddable":true,"href":"https:\/\/www.snepfsu-versailles.net\/wp\/wp-json\/wp\/v2\/users\/1"}],"replies":[{"embeddable":true,"href":"https:\/\/www.snepfsu-versailles.net\/wp\/wp-json\/wp\/v2\/comments?post=645"}],"version-history":[{"count":0,"href":"https:\/\/www.snepfsu-versailles.net\/wp\/wp-json\/wp\/v2\/pages\/645\/revisions"}],"up":[{"embeddable":true,"href":"https:\/\/www.snepfsu-versailles.net\/wp\/wp-json\/wp\/v2\/pages\/570"}],"wp:attachment":[{"href":"https:\/\/www.snepfsu-versailles.net\/wp\/wp-json\/wp\/v2\/media?parent=645"}],"curies":[{"name":"wp","href":"https:\/\/api.w.org\/{rel}","templated":true}]}}