{"id":627,"date":"2016-09-26T14:15:29","date_gmt":"2016-09-26T12:15:29","guid":{"rendered":"http:\/\/www.snepfsu-versailles.net\/wp\/?page_id=627"},"modified":"2016-09-26T14:15:29","modified_gmt":"2016-09-26T12:15:29","slug":"declaration-prealable-du-snep-fsu-91-au-conseil-departemental-de-lunss-du-10-octobre-2014","status":"publish","type":"page","link":"https:\/\/www.snepfsu-versailles.net\/wp\/vie-syndicale\/le-coin-des-departements\/lessonne\/sport-scolaire-91\/declaration-prealable-du-snep-fsu-91-au-conseil-departemental-de-lunss-du-10-octobre-2014\/","title":{"rendered":"D\u00e9claration pr\u00e9alable du SNEP-FSU-91 au Conseil D\u00e9partemental de l\u2019UNSS du 10 octobre 2014"},"content":{"rendered":"<p style=\"text-align: justify;\">Le sport scolaire permet aux \u00e9l\u00e8ves volontaires de chaque \u00e9tablissement du second degr\u00e9 d\u2019acc\u00e9der \u00e0 des pratiques sportives et artistiques ainsi qu\u2019\u00e0 la vie associative. Conform\u00e9ment \u00e0 ce qui est \u00e9crit dans le rapport annex\u00e9 \u00e0 la loi 2013-595 du 08\/07\/2013 d\u2019orientation et de programmation pour la refondation de l\u2019\u00e9cole de la R\u00e9publique (art 121-5), l\u2019A.S, obligatoire dans chaque EPLE contribue \u00e0 la r\u00e9novation du syst\u00e8me \u00e9ducatif et \u00e0 la lutte contre l\u2019\u00e9chec scolaire. Elle cr\u00e9e une dynamique et une coh\u00e9sion au sein de l\u2019\u00e9tablissement et participe \u00e9galement \u00e0 celles des autres \u00e9tablissements du district UNSS auquel elle appartient.<\/p>\n<p style=\"text-align: justify;\">Chaque ann\u00e9e l\u2019assembl\u00e9e g\u00e9n\u00e9rale de l\u2019A.S, convoqu\u00e9e et\u00a0pr\u00e9sid\u00e9e par le chef d\u2019\u00e9tablissement (art. R 552-2 du code de l\u2019Education) pr\u00e9sente le comit\u00e9 directeur qui vote le bilan moral et financier de l\u2019ann\u00e9e pr\u00e9c\u00e9dente et valide le projet de l\u2019ann\u00e9e \u00e0 venir. Chaque ann\u00e9e le bilan sportif et le projet de l\u2019A.S sont pr\u00e9sent\u00e9s devant le CA conform\u00e9ment aux\u00a0circulaires du 01\/12\/87 et du 25\/04\/2002.<\/p>\n<p style=\"text-align: justify;\">Or, le SNPDEN-UNSA (syndicat des personnels de direction de l\u2019UNSA) vient d\u2019appeler, les chefs d\u2019\u00e9tablissement \u00e0 refuser d\u2019assumer la fonction de pr\u00e9sident de l\u2019A.S et m\u00eame \u00e0 interdire la participation des licenci\u00e9s UNSS aux comp\u00e9titions UNSS. Ceci est contraire \u00e0 ce qui est indiqu\u00e9 dans l\u2019article R552-2 du Code de l\u2019Education qui pr\u00e9cise que le pr\u00e9sident de l\u2019AS est le chef d\u2019\u00e9tablissement. Personne d\u2019autre que lui ne peut par cons\u00e9quent assumer cette fonction. L\u2019interdiction d\u2019accompagner et d\u2019encadrer des licenci\u00e9s lors des comp\u00e9titions UNSS est \u00e9galement contraire aux missions d\u2019animation de l\u2019AS des enseignants d\u2019EPS pr\u00e9cis\u00e9es dans le d\u00e9cret du 07\/05\/14.<\/p>\n<p style=\"text-align: justify;\">Trois lyc\u00e9es de notre d\u00e9partement sont d\u00e9j\u00e0 confront\u00e9s \u00e0 ce probl\u00e8me de refus pr\u00e9judiciable en tout premier lieu aux \u00e9l\u00e8ves licenci\u00e9s.<\/p>\n<p style=\"text-align: justify;\">Nous connaissons l\u2019importance d\u00e9terminante que rev\u00eat la pr\u00e9sidence de droit des AS par les chefs d\u2019\u00e9tablissement, en termes de dynamique collective, de coh\u00e9rence \u00e9ducative et de l\u00e9gitimit\u00e9 institutionnelle. C\u2019est pourquoi nous vous redemandons ici, monsieur le directeur acad\u00e9mique, pr\u00e9sident du conseil d\u00e9partemental de l\u2019UNSS Essonne, de bien vouloir r\u00e9affirmer et rappeler aux chefs d\u2019\u00e9tablissement que le pr\u00e9sident de l\u2019AS c\u2019est bien le chef d\u2019\u00e9tablissement et personne d\u2019autre\u00a0: il doit en assumer toutes les fonctions.<\/p>\n<p style=\"text-align: justify;\">Cette r\u00e9affirmation serait pour nous un gage de confiance mutuelle et de reconnaissance collective de notre engagement pour d\u00e9velopper ensemble le service public du sport scolaire, au b\u00e9n\u00e9fice du plus grand nombre des \u00e9l\u00e8ves dont nous avons conjointement la responsabilit\u00e9 dans tous les \u00e9tablissements de notre d\u00e9partement.<\/p>\n","protected":false},"excerpt":{"rendered":"<p>Le sport scolaire permet aux \u00e9l\u00e8ves volontaires de chaque \u00e9tablissement du second degr\u00e9 d\u2019acc\u00e9der \u00e0 des pratiques sportives et artistiques<\/p>\n","protected":false},"author":1,"featured_media":0,"parent":625,"menu_order":0,"comment_status":"closed","ping_status":"closed","template":"","meta":{"colormag_page_layout":"no_sidebar_content_centered","footnotes":""},"class_list":["post-627","page","type-page","status-publish","hentry"],"_links":{"self":[{"href":"https:\/\/www.snepfsu-versailles.net\/wp\/wp-json\/wp\/v2\/pages\/627","targetHints":{"allow":["GET"]}}],"collection":[{"href":"https:\/\/www.snepfsu-versailles.net\/wp\/wp-json\/wp\/v2\/pages"}],"about":[{"href":"https:\/\/www.snepfsu-versailles.net\/wp\/wp-json\/wp\/v2\/types\/page"}],"author":[{"embeddable":true,"href":"https:\/\/www.snepfsu-versailles.net\/wp\/wp-json\/wp\/v2\/users\/1"}],"replies":[{"embeddable":true,"href":"https:\/\/www.snepfsu-versailles.net\/wp\/wp-json\/wp\/v2\/comments?post=627"}],"version-history":[{"count":0,"href":"https:\/\/www.snepfsu-versailles.net\/wp\/wp-json\/wp\/v2\/pages\/627\/revisions"}],"up":[{"embeddable":true,"href":"https:\/\/www.snepfsu-versailles.net\/wp\/wp-json\/wp\/v2\/pages\/625"}],"wp:attachment":[{"href":"https:\/\/www.snepfsu-versailles.net\/wp\/wp-json\/wp\/v2\/media?parent=627"}],"curies":[{"name":"wp","href":"https:\/\/api.w.org\/{rel}","templated":true}]}}