{"id":570,"date":"2016-09-26T11:39:41","date_gmt":"2016-09-26T09:39:41","guid":{"rendered":"http:\/\/www.snepfsu-versailles.net\/wp\/?page_id=570"},"modified":"2026-04-13T08:47:49","modified_gmt":"2026-04-13T06:47:49","slug":"lessonne","status":"publish","type":"page","link":"https:\/\/www.snepfsu-versailles.net\/wp\/vie-syndicale\/le-coin-des-departements\/lessonne\/","title":{"rendered":"Edito"},"content":{"rendered":"<p style=\"text-align: justify;\">Dans le contexte actuel de crises, politique, \u00e9conomique et sociale qui s\u2019aggravent un peu plus chaque ann\u00e9e, le gouvernement s\u2019ent\u00eate \u00e0 poursuivre son choix de ne pas investir dans les services publics, pourtant essentiels \u00e0 plus de justice sociale et plus d\u2019\u00e9galit\u00e9. L\u2019h\u00f4pital et l\u2019\u00e9cole illustrent parfaitement cette politique : Manque de personnels, D\u00e9gradation des conditions de travail, Baisse du pouvoir d\u2019achat pour les fonctionnaires qui font pourtant vivre ces services publics au quotidien&#8230;.<strong><a href=\"https:\/\/www.snepfsu-versailles.net\/wp\/vie-syndicale\/le-coin-des-departements\/lessonne\/edito-91\/\" target=\"_blank\" rel=\"noopener\">lire la suite<\/a><\/strong><\/p>\n<hr \/>\n<h6><strong>Sport scolaire<\/strong><\/h6>\n<ul style=\"list-style-type: square;\">\n<li><strong><a href=\"https:\/\/www.snepfsu-versailles.net\/wp\/wp-content\/uploads\/2025\/12\/declaration_cdunss_novembre_2025.pdf\" target=\"_blank\" rel=\"noopener\">D\u00e9claration SNEP-FSU-91 &#8211; CDUNSS du mardi 25 novembre 2025<\/a><\/strong><\/li>\n<li><strong><a href=\"https:\/\/www.snepfsu-versailles.net\/wp\/wp-content\/uploads\/2025\/12\/declaration_elus_as_91_novembre_2025.pdf\" target=\"_blank\" rel=\"noopener\">D\u00e9claration liminaire CDUNSS du 25 novembre 2025 des repr\u00e9sentant-e-s des AS de l\u2019Essonne<\/a><\/strong><\/li>\n<li><strong><a href=\"https:\/\/www.snepfsu-versailles.net\/wp\/wp-content\/uploads\/2025\/09\/snep_91_unss_sept_25.pdf\" target=\"_blank\" rel=\"noopener\">D\u00e9claration du SNEP-FSU 91 \u00e0 la r\u00e9union des secr\u00e9taires d&rsquo;AS &#8211; 3 septembre 2025<\/a><\/strong><\/li>\n<li><strong><a href=\"https:\/\/www.snepfsu-versailles.net\/wp\/wp-content\/uploads\/2025\/05\/declaration_cdunss_snep_91_mai_2025.pdf\" target=\"_blank\" rel=\"noopener\">D\u00e9claration du SNEP-FSU au CDUNSS du Vendredi 09 mai 2025<\/a><\/strong><\/li>\n<li><strong><a href=\"https:\/\/www.snepfsu-versailles.net\/wp\/wp-content\/uploads\/2025\/05\/declaration_representants_cdunss_91_mai_2025.pdf\" target=\"_blank\" rel=\"noopener\">D\u00e9claration liminaire CDUNSS du Vendredi 09 mai 2025 des repr\u00e9sentant-e-s des AS<\/a><\/strong><\/li>\n<li><strong><a href=\"https:\/\/www.snepfsu-versailles.net\/wp\/wp-content\/uploads\/2025\/01\/cr_audience_snep_elus_as_91_cd_91.pdf\" target=\"_blank\" rel=\"noopener\">Compte rendu de l\u2019audience SNEP-FSU 91 \/ \u00e9lu-e-s des AS 91 avec le CD 91<\/a><\/strong><\/li>\n<li><strong>Archives :\u00a0<a href=\"https:\/\/www.snepfsu-versailles.net\/wp\/?page_id=625\" target=\"_blank\" rel=\"noopener noreferrer\">Cliquez ici<\/a><\/strong><\/li>\n<\/ul>\n<hr \/>\n<h6><strong>Le Comit\u00e9 Social d\u2019Administration Sp\u00e9cial D\u00e9partemental<\/strong><\/h6>\n<ul style=\"list-style-type: square;\">\n<li><strong><a href=\"https:\/\/www.snepfsu-versailles.net\/wp\/wp-content\/uploads\/2024\/11\/declaration_fsu_91_csad_nov_2024.pdf\" target=\"_blank\" rel=\"noopener\">D\u00e9claration liminaire de la FSU 91 au CSAD 91 du mardi 26 novembre 2024<\/a><\/strong><\/li>\n<li><a href=\"https:\/\/www.snepfsu-versailles.net\/wp\/wp-content\/uploads\/2024\/03\/decla_fsu_91_csasd_mars_2024.pdf\" target=\"_blank\" rel=\"noopener\"><strong>D\u00e9claration pr\u00e9alable de la FSU 91 au CSA-SD du jeudi 14 mars 2024<\/strong><\/a><\/li>\n<li><strong><a href=\"https:\/\/www.snepfsu-versailles.net\/wp\/wp-content\/uploads\/2024\/03\/csasd_dhg_91.pdf\" target=\"_blank\" rel=\"noopener\">Face au d\u00e9fi d\u2019une \u00e9cole publique \u00e0 r\u00e9armer, ne d\u00e9sarmons pas !<\/a><\/strong><\/li>\n<\/ul>\n<hr \/>\n<h6 style=\"text-align: justify;\"><strong>STAGES DU SNEP-FSU 91<\/strong><\/h6>\n<div align=\"center\">\n<ul style=\"list-style-type: square;\">\n<li>\n<p style=\"text-align: justify;\"><strong>QUESTION DE METIER : \u00ab Le football en toute \u00e9galit\u00e9 \u00bb : <\/strong>Compte rendu du STAGE FOOTBALL\/FUTSAL organis\u00e9 par le SNEP-FSU VERSAILLES au LYCEE COROT de SAVIGNY\/ORGE les 7 et 8 avril 2025 &#8211; Anim\u00e9 par Caroline Nivet et Roman Demauret, professeur.es EPS dans le 91&#8230;<strong><a href=\"https:\/\/www.snepfsu-versailles.net\/wp\/wp-content\/uploads\/2025\/05\/cr_compte_rendu_stage_football.pdf\" target=\"_blank\" rel=\"noopener\">lire la suite<\/a><\/strong><\/p>\n<\/li>\n<li>\n<p style=\"text-align: justify;\"><strong>\u00ab LES ENSEIGNANT.E.S D\u2019EPS FACE AUX RISQUES DU M\u00c9TIER \u00bb (mars 2025) :<\/strong><strong><a href=\"https:\/\/www.snepfsu-versailles.net\/wp\/wp-content\/uploads\/2025\/03\/cr_stage_secu_2025.pdf\" target=\"_blank\" rel=\"noopener\"> lire le compte rendu<\/a><\/strong><\/p>\n<\/li>\n<li style=\"text-align: justify;\"><strong><a href=\"https:\/\/www.snepfsu-versailles.net\/wp\/wp-content\/uploads\/2023\/04\/compte_rendu_stage_secu_avril_2023.pdf\" target=\"_blank\" rel=\"noopener\">Compte rendu du stage \u00ab LES ENSEIGNANT.E.S D\u2019EPS FACE AUX RISQUES DU M\u00c9TIER \u00bb (avril 2023)<\/a><\/strong><\/li>\n<li style=\"text-align: left;\">Stage Danse 2023 : 20 coll\u00e8gues d\u2019EPS lors du stage organis\u00e9 au lyc\u00e9e Corot de Savigny sur Orge par le SNEP-FSU-91 et anim\u00e9 par Sylvaine Duboz&#8230;<strong><a href=\"https:\/\/www.snepfsu-versailles.net\/wp\/wp-content\/uploads\/2023\/02\/stage_danse_snep_91_fevrier_2023.pdf\" target=\"_blank\" rel=\"noopener\">lire la suite<\/a><\/strong><\/li>\n<li style=\"text-align: justify;\">Stage Danse 2022 : 36 coll\u00e8gues en formation lors du stage organis\u00e9 au lyc\u00e9e Doisneau de Corbeil par le SNEP-FSU-91 et anim\u00e9 par Sylvaine Duboz&#8230;<strong><a href=\"https:\/\/www.snepfsu-versailles.net\/wp\/wp-content\/uploads\/2020\/03\/stage_danse_91_fevrier_2020.pdf\" target=\"_blank\" rel=\"noopener noreferrer\">lire la suite<\/a><br \/>\n<\/strong><\/li>\n<li style=\"text-align: justify;\">Extraits du stage \u00ab\u00a0R\u00e9formes aux lyc\u00e9es\u00a0\u00bb organis\u00e9 par le SNEP-FSU 91 au lyc\u00e9e Corot de Savigny\/Orge le 8 octobre 2018\u00a0 : <a href=\"https:\/\/www.snepfsu-versailles.net\/wp\/wp-content\/uploads\/2018\/10\/stage_reforme_lycees_91.pdf\" target=\"_blank\" rel=\"noopener noreferrer\"><strong>Cliquez ici<\/strong><\/a><\/li>\n<li style=\"text-align: justify;\">Bilan du stage \u00ab\u00a0S\u00e9curit\u00e9 des \u00e9l\u00e8ves \/ Responsabilit\u00e9 des profs\u00a0\u00bb les 19 et 20 mars 2018 \u00e0 Evry : <a href=\"https:\/\/www.snepfsu-versailles.net\/wp\/wp-content\/uploads\/2018\/04\/stage_secu_91_mars_2018.pdf\" target=\"_blank\" rel=\"noopener noreferrer\"><strong>Cliquez ici<\/strong><\/a><\/li>\n<li style=\"text-align: justify;\">Bilan du stage PPCR organis\u00e9 par le SNEP-FSU 91 mardi 17 octobre 2017 \u00e0 Evry : <a href=\"https:\/\/www.snepfsu-versailles.net\/wp\/wp-content\/uploads\/2017\/11\/stage_ppcr_91.pdf\" target=\"_blank\" rel=\"noopener noreferrer\"><strong>Cliquez ici<\/strong><\/a><\/li>\n<li style=\"text-align: justify;\">Bilan stage GPS organis\u00e9 \u00e0 Evry les 24 et 25 mars 2016 : <a href=\"https:\/\/www.snepfsu-versailles.net\/wp\/wp-content\/uploads\/2017\/02\/bilan_91_stage_gps_2016.pdf\" target=\"_blank\" rel=\"noopener noreferrer\"><strong>Cliquez ici<\/strong><\/a><\/li>\n<li style=\"text-align: justify;\"><strong><a href=\"https:\/\/www.snepfsu-versailles.net\/wp\/wp-content\/uploads\/2017\/02\/infos_inscription_91.pdf\" target=\"_blank\" rel=\"noopener noreferrer\">Mod\u00e8le de demande de stage<\/a><\/strong><\/li>\n<\/ul>\n<hr \/>\n<\/div>\n<div align=\"center\">\n<div style=\"text-align: left;\" align=\"center\">\n<h6><strong>Outils Conseil d\u2019Administration \u00ab budget, cr\u00e9dits \u00bb<\/strong><\/h6>\n<ul style=\"list-style-type: square;\">\n<li>MOTION CA : <a href=\"https:\/\/www.snepfsu-versailles.net\/wp\/wp-content\/uploads\/2020\/11\/motion_ca_credits_eps.docx\" target=\"_blank\" rel=\"noopener noreferrer\"><strong>Pour les cr\u00e9dits EPS<\/strong><\/a><\/li>\n<li>MOTION CA :<strong><a href=\"https:\/\/www.snepfsu-versailles.net\/wp\/wp-content\/uploads\/2020\/11\/motion_ca_location.docx\" target=\"_blank\" rel=\"noopener noreferrer\"> Disparition dans la pr\u00e9sentation du budget pr\u00e9visionnel de la ligne concernant la location des installations sportives<\/a><\/strong><\/li>\n<\/ul>\n<\/div>\n<hr \/>\n<h6 align=\"left\"><strong>VIE SYNDICALE<\/strong><\/h6>\n<ul style=\"list-style-type: square;\">\n<li style=\"text-align: left;\"><strong><a href=\"https:\/\/www.snepfsu-versailles.net\/wp\/wp-content\/uploads\/2026\/04\/cr_audience_cd91_fev_2026.pdf\" target=\"_blank\" rel=\"noopener\">Compte rendu de l&rsquo;audience du 16 f\u00e9vrier 2026 avec le Conseil D\u00e9partemental de l\u2019Essonne<\/a><\/strong><\/li>\n<li style=\"text-align: justify;\">Compte rendu de l\u2019audience avec la direction des coll\u00e8ges du CD 91 le 14 novembre 2024<strong>&#8230;<a href=\"https:\/\/www.snepfsu-versailles.net\/wp\/wp-content\/uploads\/2024\/11\/cr_audience_snep91_cd91_nov24.pdf\" target=\"_blank\" rel=\"noopener\">lire la suite<\/a><\/strong><\/li>\n<li style=\"text-align: left;\">Compte rendu de l&rsquo;audience avec le Conseil d\u00e9partemental 91 (novembre 2021) <strong>: <a href=\"https:\/\/www.snepfsu-versailles.net\/wp\/wp-content\/uploads\/2021\/12\/cr_audience_91_novembre_2021.pdf\" target=\"_blank\" rel=\"noopener\">Cliquez ici<\/a><\/strong><\/li>\n<li style=\"text-align: left;\"><a href=\"https:\/\/www.snepfsu-versailles.net\/wp\/wp-content\/uploads\/2019\/11\/cr_snep91_cd91_nov_2019.pdf\" target=\"_blank\" rel=\"noopener noreferrer\">Compte rendu de la rencontre SNEP-FSU 91 avec le CD 91 du 12\/11\/2019<\/a><\/li>\n<li>\n<div style=\"text-align: left;\">Compte rendu de la rencontre SNEP-FSU 91 \/ CD du 91 (15 octobre 2018) : <a href=\"https:\/\/www.snepfsu-versailles.net\/wp\/wp-content\/uploads\/2018\/11\/snep_cd_91_oct_2018.pdf\">Cliquez ici<\/a><\/div>\n<\/li>\n<li style=\"text-align: left;\"><a href=\"https:\/\/www.snepfsu-versailles.net\/wp\/wp-content\/uploads\/2017\/01\/bilan_congres_91.pdf\" target=\"_blank\" rel=\"noopener noreferrer\">Compte rendu du congr\u00e8s d\u00e9partemental<\/a> (d\u00e9cembre 2016)<\/li>\n<li style=\"text-align: left;\">EPS et r\u00e9forme des rythmes scolaires : <a href=\"https:\/\/www.snepfsu-versailles.net\/wp\/?page_id=639\" target=\"_blank\" rel=\"noopener noreferrer\">Cliquez ici<\/a><\/li>\n<li style=\"text-align: left;\"><a href=\"https:\/\/www.snepfsu-versailles.net\/wp\/wp-content\/uploads\/2017\/02\/carton_rouge_presse.pdf\" target=\"_blank\" rel=\"noopener noreferrer\">Courrier envoy\u00e9 \u00e0 Madame la Ministre de l&rsquo;EN<\/a><\/li>\n<li style=\"text-align: left;\"><a href=\"https:\/\/www.snepfsu-versailles.net\/wp\/wp-content\/uploads\/2017\/02\/courrier_maire_-marcoussis.pdf\" target=\"_blank\" rel=\"noopener noreferrer\">Courrier envoy\u00e9 au Maire de Marcoussis<\/a><\/li>\n<li style=\"text-align: left;\">Le SNEP-FSU a \u00e9t\u00e9 re\u00e7u par Malek Boutih, d\u00e9put\u00e9 PS : <a href=\"https:\/\/www.snepfsu-versailles.net\/wp\/?page_id=643\" target=\"_blank\" rel=\"noopener noreferrer\">Cliquez ici<\/a><\/li>\n<li style=\"text-align: left;\">Le SNEP planche au th\u00e9\u00e2tre ! <a href=\"https:\/\/www.snepfsu-versailles.net\/wp\/?page_id=645\" target=\"_blank\" rel=\"noopener noreferrer\">lire la suite<\/a><\/li>\n<\/ul>\n<\/div>\n<div align=\"center\">\n<hr \/>\n<h6 style=\"text-align: left;\"><strong>BULLETINS DEPARTEMENTAUX : <a class=\"Style172\" href=\"https:\/\/www.snepfsu-versailles.net\/wp\/?page_id=647\" target=\"_blank\" rel=\"noopener noreferrer\">Cliquez ici<\/a><\/strong><\/h6>\n<\/div>\n<hr \/>\n<h6><strong>ARCHIVES METIER : <a href=\"https:\/\/www.snepfsu-versailles.net\/wp\/?page_id=662\" target=\"_blank\" rel=\"noopener noreferrer\">Cliquez ici<\/a><\/strong><\/h6>\n","protected":false},"excerpt":{"rendered":"<p>Dans le contexte actuel de crises, politique, \u00e9conomique et sociale qui s\u2019aggravent un peu plus chaque ann\u00e9e, le gouvernement s\u2019ent\u00eate<\/p>\n","protected":false},"author":1,"featured_media":0,"parent":566,"menu_order":0,"comment_status":"closed","ping_status":"closed","template":"","meta":{"colormag_page_layout":"default_layout","footnotes":""},"class_list":["post-570","page","type-page","status-publish","hentry"],"_links":{"self":[{"href":"https:\/\/www.snepfsu-versailles.net\/wp\/wp-json\/wp\/v2\/pages\/570","targetHints":{"allow":["GET"]}}],"collection":[{"href":"https:\/\/www.snepfsu-versailles.net\/wp\/wp-json\/wp\/v2\/pages"}],"about":[{"href":"https:\/\/www.snepfsu-versailles.net\/wp\/wp-json\/wp\/v2\/types\/page"}],"author":[{"embeddable":true,"href":"https:\/\/www.snepfsu-versailles.net\/wp\/wp-json\/wp\/v2\/users\/1"}],"replies":[{"embeddable":true,"href":"https:\/\/www.snepfsu-versailles.net\/wp\/wp-json\/wp\/v2\/comments?post=570"}],"version-history":[{"count":159,"href":"https:\/\/www.snepfsu-versailles.net\/wp\/wp-json\/wp\/v2\/pages\/570\/revisions"}],"predecessor-version":[{"id":12810,"href":"https:\/\/www.snepfsu-versailles.net\/wp\/wp-json\/wp\/v2\/pages\/570\/revisions\/12810"}],"up":[{"embeddable":true,"href":"https:\/\/www.snepfsu-versailles.net\/wp\/wp-json\/wp\/v2\/pages\/566"}],"wp:attachment":[{"href":"https:\/\/www.snepfsu-versailles.net\/wp\/wp-json\/wp\/v2\/media?parent=570"}],"curies":[{"name":"wp","href":"https:\/\/api.w.org\/{rel}","templated":true}]}}