{"id":4042,"date":"2018-03-08T06:48:21","date_gmt":"2018-03-08T05:48:21","guid":{"rendered":"http:\/\/www.snepfsu-versailles.net\/wp\/?page_id=4042"},"modified":"2018-05-28T18:05:51","modified_gmt":"2018-05-28T16:05:51","slug":"plan-daction","status":"publish","type":"page","link":"https:\/\/www.snepfsu-versailles.net\/wp\/accueil\/plan-daction\/","title":{"rendered":"Plan d&rsquo;action"},"content":{"rendered":"<p><strong>Dopons les \u00e9l\u00e8ves \u00e0 l\u2019EPS\u00a0!<\/strong><\/p>\n<p style=\"text-align: justify;\">Le SNEP-FSU lance une campagne de communiqu\u00e9s de presse dans tous les \u00e9tablissements de l&rsquo;acad\u00e9mie de Versailles pour une autre place de l\u2019EPS \u00e0 l\u2019\u00c9cole ! Nous appelons les \u00e9quipes EPS \u00e0 se faire entendre pour exprimer les besoins dans chaque \u00e9tablissement en utilisant le communiqu\u00e9 de presse suivant (celui-ci pouvant \u00eatre color\u00e9 d\u2019\u00e9l\u00e9ments de votre situation particuli\u00e8re) : <a href=\"http:\/\/www.snepfsu.net\/vieetab\/docs\/PlanAction2018\/20180209_commPresse_DoponsElevesAEPS.docx\"><strong>Cliquez ici<\/strong><\/a><\/p>\n<p style=\"text-align: justify;\">Pour envoyer votre communiqu\u00e9 de presse (CP), vous pouvez utiliser les adresses de la presse locale contenues dans ce <strong><a href=\"https:\/\/www.snepfsu-versailles.net\/wp\/wp-content\/uploads\/2018\/03\/presse_locale.xls\" target=\"_blank\" rel=\"noopener\">fichier<\/a><\/strong>. Et n\u2019oubliez pas de nous renvoyer votre CP \u00e0 l\u2019adresse suivante\u00a0: <a href=\"mailto:s3-versailles@snepfsu.net\"><strong>s3-versailles@snepfsu.net<\/strong><\/a> pour une meilleure visibilit\u00e9 sur notre site.<\/p>\n<p style=\"text-align: justify;\">Vous pouvez \u00e9galement envoyer une d\u00e9clinaison de votre CP sous forme de lettre aux \u00e9lus et de d\u00e9claration au CA\u00a0:<\/p>\n<ul style=\"text-align: justify;\">\n<li>en utilisant le mod\u00e8le suivant (dans la mesure du possible il faudra associer les parents d\u2019\u00e9l\u00e8ves et leur f\u00e9d\u00e9ration \u00e0 l\u2019initiative) : <a href=\"http:\/\/www.snepfsu.net\/vieetab\/docs\/PlanAction2018\/20180209_courrierDeputes.doc\"><strong>Cliquez ici<\/strong><\/a><\/li>\n<li>et les adresses des d\u00e9put\u00e9s (site assembl\u00e9e nationale)\u00a0: <a href=\"http:\/\/www2.assemblee-nationale.fr\/recherche-localisee\/carte\/FRANCE\"><strong>Cliquez ici<\/strong><\/a><\/li>\n<\/ul>\n<p style=\"text-align: justify;\">Au niveau d\u00e9partemental, le SNEP-FSU organisera des rencontres avec les coll\u00e8gues pour d\u00e9battre de la situation et donner votre avis dans le cadre d\u2019assembl\u00e9es g\u00e9n\u00e9rales ou de stages syndicaux (corpo, p\u00e9da, mutations intra, etc\u2026), ces rassemblements locaux pouvant nourrir des conf\u00e9rences de presses d\u00e9partementales.<\/p>\n<p style=\"text-align: justify;\">Enfin, un dossier de presse avec une dizaine de fiche pour vous aider lors de vos conf\u00e9rences de presse est \u00e9galement disponible sur la page PLAN d\u2019ACTION EPS du site\u00a0: <a href=\"http:\/\/www.snepfsu.net\/vieetab\/planAction.php\"><strong>Cliquez ici<\/strong><\/a><\/p>\n","protected":false},"excerpt":{"rendered":"<p>Dopons les \u00e9l\u00e8ves \u00e0 l\u2019EPS\u00a0! Le SNEP-FSU lance une campagne de communiqu\u00e9s de presse dans tous les \u00e9tablissements de l&rsquo;acad\u00e9mie<\/p>\n","protected":false},"author":2,"featured_media":0,"parent":5,"menu_order":0,"comment_status":"closed","ping_status":"closed","template":"","meta":{"colormag_page_layout":"no_sidebar_content_centered","footnotes":""},"class_list":["post-4042","page","type-page","status-publish","hentry"],"_links":{"self":[{"href":"https:\/\/www.snepfsu-versailles.net\/wp\/wp-json\/wp\/v2\/pages\/4042","targetHints":{"allow":["GET"]}}],"collection":[{"href":"https:\/\/www.snepfsu-versailles.net\/wp\/wp-json\/wp\/v2\/pages"}],"about":[{"href":"https:\/\/www.snepfsu-versailles.net\/wp\/wp-json\/wp\/v2\/types\/page"}],"author":[{"embeddable":true,"href":"https:\/\/www.snepfsu-versailles.net\/wp\/wp-json\/wp\/v2\/users\/2"}],"replies":[{"embeddable":true,"href":"https:\/\/www.snepfsu-versailles.net\/wp\/wp-json\/wp\/v2\/comments?post=4042"}],"version-history":[{"count":0,"href":"https:\/\/www.snepfsu-versailles.net\/wp\/wp-json\/wp\/v2\/pages\/4042\/revisions"}],"up":[{"embeddable":true,"href":"https:\/\/www.snepfsu-versailles.net\/wp\/wp-json\/wp\/v2\/pages\/5"}],"wp:attachment":[{"href":"https:\/\/www.snepfsu-versailles.net\/wp\/wp-json\/wp\/v2\/media?parent=4042"}],"curies":[{"name":"wp","href":"https:\/\/api.w.org\/{rel}","templated":true}]}}